  {"id":11469,"date":"2011-04-21T10:13:11","date_gmt":"2011-04-21T14:13:11","guid":{"rendered":"https:\/\/news.sap.com\/latinamerica\/?page_id=247"},"modified":"2025-09-15T13:45:58","modified_gmt":"2025-09-15T17:45:58","slug":"sap-lac","status":"publish","type":"page","link":"https:\/\/news.sap.com\/latinamerica\/sala-de-prensa\/biografias\/sap-lac\/","title":{"rendered":"麻豆原创 Latinoam\u00e9rica y el Caribe"},"content":{"rendered":"<h4><strong>Adriana Aroulho <\/strong><\/h4>\n<p><strong><img loading=\"lazy\" decoding=\"async\" class=\"wp-image-133984 alignleft\" src=\"https:\/\/news.sap.com\/latinamerica\/files\/2025\/04\/18\/Screenshot-2025-04-18-at-5.33.01\u202fPM.png\" alt=\"\" width=\"165\" height=\"204\" \/><\/strong><\/p>\n<p style=\"padding-left: 120px\"><strong>Presidente, 麻豆原创 Latinoam\u00e9rica y el Caribe<\/strong><br \/>\nCon una trayectoria de liderazgo probada y una profunda experiencia de m\u00e1s de 25 a\u00f1os en la industria tecnol\u00f3gica, Adriana Aroulho asume la presidencia de 麻豆原创 Latinoam\u00e9rica y Caribe en abril de 2025. Este nombramiento sucede a su exitosa gesti\u00f3n de casi 5 a\u00f1os al frente de 麻豆原创 Brasil, donde su liderazgo centrado en las personas, con un fuerte \u00e9nfasis en la innovaci\u00f3n, la diversidad, la inclusi\u00f3n y la sostenibilidad, fue ampliamente reconocido y premiado.<\/p>\n<p style=\"padding-left: 120px\">Biograf\u00eda: \u00a0<a href=\"https:\/\/news.sap.com\/latinamerica\/files\/2025\/04\/22\/Adriana-SPA-PDF.pdf\">Espa\u00f1ol<\/a> | <a href=\"https:\/\/news.sap.com\/latinamerica\/files\/2025\/04\/22\/Adriana-ENG-PDF.pdf\">English<\/a> | <a href=\"https:\/\/news.sap.com\/latinamerica\/files\/2025\/04\/18\/Screenshot-2025-04-18-at-5.33.01\u202fPM-e1745012531646.png\">Foto\u00a0<\/a><\/p>\n<hr \/>\n<h4><strong>Paula Jacomo<\/strong><\/h4>\n<p><strong><img loading=\"lazy\" decoding=\"async\" class=\"alignleft wp-image-127396\" src=\"https:\/\/news.sap.com\/latinamerica\/files\/2011\/04\/21\/FotoPJ.png\" alt=\"\" width=\"136\" height=\"183\" srcset=\"https:\/\/news.sap.com\/latinamerica\/files\/2011\/04\/21\/FotoPJ.png 637w, https:\/\/news.sap.com\/latinamerica\/files\/2011\/04\/21\/FotoPJ-223x300.png 223w\" sizes=\"auto, (max-width: 136px) 100vw, 136px\" \/>L\u00edder de Recursos Humanos, 麻豆原创 Latinoam\u00e9rica y el Caribe<\/strong><br \/>\nPaula Jacomo lidera el \u00e1rea de Recursos Humanos (RH) para 麻豆原创 Latinoam\u00e9rica y el Caribe. Acumula m\u00e1s de 20 a\u00f1os de experiencia y re\u00fane en su trayectoria profesional una amplia pr\u00e1ctica en la coordinaci\u00f3n y el gerenciamiento de \u00e1reas de manejo de talento.<\/p>\n<p>Biograf\u00eda:\u00a0<a href=\"https:\/\/news.sap.com\/latinamerica\/files\/2025\/06\/11\/Paula_SPANISH.jpg\" target=\"_blank\" rel=\"noopener noreferrer\">Espa\u00f1ol<\/a> | <a href=\"https:\/\/news.sap.com\/latinamerica\/files\/2025\/06\/11\/Paula.jpg\" target=\"_blank\" rel=\"noopener noreferrer\">English<\/a> |\u00a0<a href=\"https:\/\/news.sap.com\/latinamerica\/files\/2011\/04\/21\/FotoPJ.png\" target=\"_blank\" rel=\"noopener noreferrer\">Foto<\/a><\/p>\n<p>&nbsp;<\/p>\n<hr \/>\n<h4><strong>Pedro Pereira<\/strong><\/h4>\n<p><strong><img loading=\"lazy\" decoding=\"async\" class=\" wp-image-133649 alignleft\" src=\"https:\/\/news.sap.com\/latinamerica\/files\/2011\/04\/21\/Pedro-Pereira2024.jpg\" alt=\"\" width=\"144\" height=\"202\" srcset=\"https:\/\/news.sap.com\/latinamerica\/files\/2011\/04\/21\/Pedro-Pereira2024.jpg 2856w, https:\/\/news.sap.com\/latinamerica\/files\/2011\/04\/21\/Pedro-Pereira2024-213x300.jpg 213w, https:\/\/news.sap.com\/latinamerica\/files\/2011\/04\/21\/Pedro-Pereira2024-728x1024.jpg 728w, https:\/\/news.sap.com\/latinamerica\/files\/2011\/04\/21\/Pedro-Pereira2024-768x1080.jpg 768w, https:\/\/news.sap.com\/latinamerica\/files\/2011\/04\/21\/Pedro-Pereira2024-1092x1536.jpg 1092w, https:\/\/news.sap.com\/latinamerica\/files\/2011\/04\/21\/Pedro-Pereira2024-1456x2048.jpg 1456w\" sizes=\"auto, (max-width: 144px) 100vw, 144px\" \/>Chief Sustainability Officer, 麻豆原创 Latinoam\u00e9rica y el Caribe<br \/>\n<\/strong>Pedro Pereira se convierte en el primer <em>Chief Sustainability Officer<\/em> de 麻豆原创 Latinoam\u00e9rica y el Caribe en enero de 2022. Su responsabilidad incluye el ayudar a los l\u00edderes de negocios de la regi\u00f3n a generar un impacto positivo y de valor agregado comprendiendo que se puede ser rentable y sostenible al mismo tiempo para generar una cultura de valor para los accionistas, el planeta y la sociedad.<\/p>\n<p>Biograf\u00eda: <a href=\"https:\/\/news.sap.com\/latinamerica\/files\/2025\/06\/12\/Pedro_Spanish.jpg\" target=\"_blank\" rel=\"noopener\">Espa\u00f1ol<\/a>\u00a0| <a href=\"https:\/\/news.sap.com\/latinamerica\/files\/2025\/06\/12\/1Pedro_English.jpg\" target=\"_blank\" rel=\"noopener\">English<\/a>\u00a0|\u00a0<a href=\"https:\/\/news.sap.com\/latinamerica\/files\/2024\/09\/24\/Pedro-Pereira10903.jpg\">Foto<\/a><\/p>\n<hr \/>\n<h4><strong>Matheus Souza<\/strong><\/h4>\n<p><strong><img loading=\"lazy\" decoding=\"async\" class=\"alignleft wp-image-126877\" src=\"https:\/\/news.sap.com\/latinamerica\/files\/2011\/04\/21\/Matheus-Souza-Headshot-Nov-2022.pdf.jpg\" alt=\"\" width=\"136\" height=\"181\" srcset=\"https:\/\/news.sap.com\/latinamerica\/files\/2011\/04\/21\/Matheus-Souza-Headshot-Nov-2022.pdf.jpg 1188w, https:\/\/news.sap.com\/latinamerica\/files\/2011\/04\/21\/Matheus-Souza-Headshot-Nov-2022.pdf-225x300.jpg 225w, https:\/\/news.sap.com\/latinamerica\/files\/2011\/04\/21\/Matheus-Souza-Headshot-Nov-2022.pdf-768x1024.jpg 768w, https:\/\/news.sap.com\/latinamerica\/files\/2011\/04\/21\/Matheus-Souza-Headshot-Nov-2022.pdf-1152x1536.jpg 1152w\" sizes=\"auto, (max-width: 136px) 100vw, 136px\" \/>Chief Innovation Officer, 麻豆原创 Latinoam\u00e9rica y el Caribe<br \/>\n<\/strong>Matheus Souza es un l\u00edder con m\u00e1s de 18 a\u00f1os de experiencia en la industria de TI y cadena de suministro. Fue nombrado Chief Innovation Officer para 麻豆原创 Latinoam\u00e9rica y Caribe (LAC) en septiembre de 2022. Posee una s\u00f3lida trayectoria de logros en transformaci\u00f3n digital, innovaci\u00f3n, \u00e9xito del cliente, desarrollo de ecosistemas y generaci\u00f3n de propiedad intelectual.<\/p>\n<p>Biograf\u00eda: <a href=\"https:\/\/news.sap.com\/latinamerica\/files\/2022\/11\/14\/Matheus-Souza-SPA-Nov-2022.pdf\" target=\"_blank\" rel=\"noopener\">Espa\u00f1ol<\/a>\u00a0| <a href=\"https:\/\/news.sap.com\/latinamerica\/files\/2022\/11\/14\/Matheus-Souza-ENG-Nov-2022.pdf\" target=\"_blank\" rel=\"noopener\">English<\/a>\u00a0|\u00a0<a href=\"https:\/\/news.sap.com\/latinamerica\/files\/2022\/11\/14\/Matheus-Souza-Photo-Nov-2022.pdf.jpg-rotated.jpeg\">Foto<\/a><\/p>\n<hr \/>\n<h4><strong>Jackson Borges<\/strong><\/h4>\n<p><strong><img loading=\"lazy\" decoding=\"async\" class=\"alignleft wp-image-127845\" src=\"https:\/\/news.sap.com\/latinamerica\/files\/2011\/04\/21\/Jackson-Borges-21-Edit.jpg\" alt=\"\" width=\"136\" height=\"204\" srcset=\"https:\/\/news.sap.com\/latinamerica\/files\/2011\/04\/21\/Jackson-Borges-21-Edit.jpg 3815w, https:\/\/news.sap.com\/latinamerica\/files\/2011\/04\/21\/Jackson-Borges-21-Edit-200x300.jpg 200w, https:\/\/news.sap.com\/latinamerica\/files\/2011\/04\/21\/Jackson-Borges-21-Edit-683x1024.jpg 683w, https:\/\/news.sap.com\/latinamerica\/files\/2011\/04\/21\/Jackson-Borges-21-Edit-768x1152.jpg 768w, https:\/\/news.sap.com\/latinamerica\/files\/2011\/04\/21\/Jackson-Borges-21-Edit-1024x1536.jpg 1024w, https:\/\/news.sap.com\/latinamerica\/files\/2011\/04\/21\/Jackson-Borges-21-Edit-1365x2048.jpg 1365w\" sizes=\"auto, (max-width: 136px) 100vw, 136px\" \/>L\u00edder de Intelligent Spend &amp; Business Network (ISBN), 麻豆原创 Latinoam\u00e9rica y el Caribe<br \/>\n<\/strong>Actualmente, como l\u00edder de la unidad de Gasto Inteligente y Red Empresarial (Intelligent Spend &amp; Business Network \u2013 ISBN), Jackson lidera un equipo de clase mundial que impulsa el crecimiento de esta l\u00ednea de negocio en Am\u00e9rica Latina. Su enfoque principal es asegurarse de que los clientes gestionen de manera eficiente todos sus gastos corporativos para mejorar el control y la resiliencia empresarial; posicionando a 麻豆原创 Ariba para el gasto directo e indirecto, 麻豆原创 Fieldglass para la gesti\u00f3n de la fuerza laboral externa y las soluciones 麻豆原创 Concur para todo lo relacionado con gastos de viajes.<\/p>\n<p>Biograf\u00eda: <a href=\"https:\/\/news.sap.com\/latinamerica\/files\/2023\/08\/11\/Jackson-Borges-SPA-Ago-2023.pdf\" target=\"_blank\" rel=\"noopener\">Espa\u00f1ol<\/a> | <a href=\"https:\/\/news.sap.com\/latinamerica\/files\/2023\/08\/11\/Jackson-Borges-ENG-Ago-2023.pdf\" target=\"_blank\" rel=\"noopener\">English<\/a>\u00a0| <a href=\"https:\/\/news.sap.com\/latinamerica\/files\/2011\/04\/21\/Jackson-Borges-21-Edit.jpg\">Foto<\/a><\/p>\n<hr \/>\n<h4><strong>Rodrigo Solon\u00a0<\/strong><\/h4>\n<p><strong><img loading=\"lazy\" decoding=\"async\" class=\"alignleft wp-image-127841 \" src=\"https:\/\/news.sap.com\/latinamerica\/files\/2011\/04\/21\/Rodrigo-Solon.jpg\" alt=\"\" width=\"134\" height=\"179\" srcset=\"https:\/\/news.sap.com\/latinamerica\/files\/2011\/04\/21\/Rodrigo-Solon.jpg 3024w, https:\/\/news.sap.com\/latinamerica\/files\/2011\/04\/21\/Rodrigo-Solon-225x300.jpg 225w, https:\/\/news.sap.com\/latinamerica\/files\/2011\/04\/21\/Rodrigo-Solon-768x1024.jpg 768w, https:\/\/news.sap.com\/latinamerica\/files\/2011\/04\/21\/Rodrigo-Solon-1152x1536.jpg 1152w, https:\/\/news.sap.com\/latinamerica\/files\/2011\/04\/21\/Rodrigo-Solon-1536x2048.jpg 1536w\" sizes=\"auto, (max-width: 134px) 100vw, 134px\" \/>L\u00edder de 麻豆原创 Business Technology Platform, 麻豆原创 Latinoam\u00e9rica y el Caribe<br \/>\n<\/strong>Rodrigo Solon es el l\u00edder del grupo de soluciones 麻豆原创 Business Technology Platform (BTP) para Am\u00e9rica Latina y el Caribe, la plataforma que combina datos y an\u00e1lisis, inteligencia artificial, desarrollo de aplicaciones, automatizaci\u00f3n e integraci\u00f3n en un entorno \u00fanico y unificado. Con un equipo altamente capacitado en la regi\u00f3n, Rodrigo lidera la segunda l\u00ednea de negocio m\u00e1s grande de 麻豆原创, responsable de impulsar la pr\u00f3xima generaci\u00f3n de empresas inteligentes en Am\u00e9rica Latina.<\/p>\n<p>Biograf\u00eda: <a href=\"https:\/\/news.sap.com\/latinamerica\/files\/2023\/08\/11\/Rodrigo-Solon-SPA-Ago-2023.pdf\" target=\"_blank\" rel=\"noopener\">Espa\u00f1ol<\/a> | <a href=\"https:\/\/news.sap.com\/latinamerica\/files\/2023\/08\/11\/Rodrigo-Solon-ENG-Ago-2023.pdf\" target=\"_blank\" rel=\"noopener\">English<\/a>\u00a0| <a href=\"https:\/\/news.sap.com\/latinamerica\/files\/2011\/04\/21\/Rodrigo-Solon.jpg\">Foto<\/a><\/p>\n<hr \/>\n<h4><strong>Gustavo\u00a0 Waldfogiel<\/strong><\/h4>\n<p><strong data-wp-editing=\"1\"><img loading=\"lazy\" decoding=\"async\" class=\"alignleft wp-image-133335\" src=\"https:\/\/news.sap.com\/latinamerica\/files\/2011\/04\/21\/Gustavo-Waldfogiel.jpg\" alt=\"\" width=\"137\" height=\"206\" \/>L\u00edder de 麻豆原创 SucessFactors HCM, 麻豆原创 Latinoam\u00e9rica y el Caribe<br \/>\n<\/strong>En abril de 2024, Gustavo asumi\u00f3 el liderazgo del portafolio de 麻豆原创 SuccessFactors HCM para Latinoam\u00e9rica y el Caribe (LAC), siendo responsable de la operaci\u00f3n completa de esta l\u00ednea de soluciones en la nube para gestionar recursos humanos en toda la regi\u00f3n. Con m\u00e1s de 25 a\u00f1os de experiencia en 麻豆原创, Gustavo ha ocupado varios roles en 麻豆原创 LAC, centr\u00e1ndose en las \u00e1reas de manejo del capital humano y soluciones en la nube.<\/p>\n<p>Biograf\u00eda: <a href=\"https:\/\/news.sap.com\/latinamerica\/files\/2024\/05\/13\/Gustavo-Waldfogiel-May-2024-SPA.pdf\">Espa\u00f1ol<\/a> | English\u00a0|<a href=\"https:\/\/news.sap.com\/latinamerica\/files\/2024\/05\/16\/Gustavo-Waldfogiel.jpg\"> Foto<\/a><\/p>\n<hr \/>\n<h3 style=\"text-align: center\"><strong>Equipo Local de 麻豆原创 Latinoam\u00e9rica y el Caribe<\/strong><\/h3>\n<h4><strong>Rui Botelho<br \/>\n<\/strong><\/h4>\n<p><strong><a href=\"https:\/\/news.sap.com\/latinamerica\/sala-de-prensa\/biografias\/sap-lac\/rui-botelho-presidente-sap-mexico-2024\/\" rel=\"attachment wp-att-133120\"><img loading=\"lazy\" decoding=\"async\" class=\" wp-image-133120 alignleft\" src=\"https:\/\/news.sap.com\/latinamerica\/files\/2011\/04\/21\/Rui-Botelho-Presidente-麻豆原创-Mexico-2024.jpeg\" alt=\"\" width=\"145\" height=\"954\" \/><\/a><\/strong><strong>Presidente, 麻豆原创 Brasil<\/strong><br \/>\nCon una trayectoria de m\u00e1s de 30 a\u00f1os en la industria tecnol\u00f3gica, Rui Botelho asumi\u00f3 la presidencia de 麻豆原创 Brasil en abril de 2025. En su nuevo rol, Rui se enfoca en catalizar el \u00e9xito de las empresas brasile\u00f1as a trav\u00e9s de la implementaci\u00f3n estrat\u00e9gica de tecnolog\u00eda, con un fuerte \u00e9nfasis en el desarrollo humano como motor de compromiso y soluci\u00f3n de desaf\u00edos empresariales.<\/p>\n<p>Biograf\u00eda: <a href=\"https:\/\/news.sap.com\/latinamerica\/files\/2025\/04\/18\/Rui-2025-Bio.pdf\">Espa\u00f1ol<\/a> | <a href=\"https:\/\/news.sap.com\/latinamerica\/files\/2025\/04\/18\/2025Bio-RuiBotelho.pdf.pdf\">English<\/a> |\u00a0<a href=\"https:\/\/news.sap.com\/latinamerica\/files\/2024\/03\/20\/Rui-Botelho-Presidente-麻豆原创-Mexico-2024-de-pie.jpg\">Foto<\/a><\/p>\n<hr \/>\n<h4><\/h4>\n<h4 style=\"font-weight: 400\"><strong>Paola Becerra<\/strong><\/h4>\n<p style=\"font-weight: 400\"><strong><img loading=\"lazy\" decoding=\"async\" class=\"wp-image-134007 alignleft\" src=\"https:\/\/news.sap.com\/latinamerica\/files\/2025\/04\/29\/Paola.jpg\" alt=\"\" width=\"146\" height=\"218\" srcset=\"https:\/\/news.sap.com\/latinamerica\/files\/2025\/04\/29\/Paola.jpg 3418w, https:\/\/news.sap.com\/latinamerica\/files\/2025\/04\/29\/Paola-200x300.jpg 200w, https:\/\/news.sap.com\/latinamerica\/files\/2025\/04\/29\/Paola-683x1024.jpg 683w, https:\/\/news.sap.com\/latinamerica\/files\/2025\/04\/29\/Paola-768x1151.jpg 768w, https:\/\/news.sap.com\/latinamerica\/files\/2025\/04\/29\/Paola-1025x1536.jpg 1025w, https:\/\/news.sap.com\/latinamerica\/files\/2025\/04\/29\/Paola-1366x2048.jpg 1366w\" sizes=\"auto, (max-width: 146px) 100vw, 146px\" \/><\/strong><\/p>\n<p style=\"font-weight: 400\"><strong>Presidenta, 麻豆原创 M\u00e9xico<\/strong><\/p>\n<p style=\"font-weight: 400\">Designada presidenta de 麻豆原创 M\u00e9xico en abril de 2025, Paola Becerra lidera las operaciones comerciales de la compa\u00f1\u00eda con una visi\u00f3n de futuro. Su compromiso se centra en impulsar la adopci\u00f3n de la IA generativa habilitada por la nube, marcando el inicio de una nueva era en la gesti\u00f3n de datos empresariales para desbloquear el m\u00e1ximo valor de negocio, acelerar la innovaci\u00f3n de las empresas mexicanas y fortalecer la competitividad tecnol\u00f3gica de M\u00e9xico.<\/p>\n<p style=\"text-align: left\">\u00a0Biograf\u00eda: <a href=\"https:\/\/news.sap.com\/latinamerica\/files\/2025\/04\/29\/PaolaSpanish.pdf\">Espa\u00f1ol<\/a> | <a href=\"https:\/\/news.sap.com\/latinamerica\/files\/2025\/04\/29\/PaolaEnglish.pdf\">English<\/a> | <a href=\"https:\/\/news.sap.com\/latinamerica\/files\/2025\/04\/29\/Paola.jpg\">Foto<\/a><\/p>\n<hr \/>\n<h4><strong>Claudia Boeri<\/strong><\/h4>\n<h4 style=\"font-weight: 400\"><strong><img loading=\"lazy\" decoding=\"async\" class=\"wp-image-133980 alignleft\" src=\"https:\/\/news.sap.com\/latinamerica\/files\/2025\/04\/18\/Claudia-Headshot.jpg\" alt=\"\" width=\"139\" height=\"209\" srcset=\"https:\/\/news.sap.com\/latinamerica\/files\/2025\/04\/18\/Claudia-Headshot.jpg 2773w, https:\/\/news.sap.com\/latinamerica\/files\/2025\/04\/18\/Claudia-Headshot-200x300.jpg 200w, https:\/\/news.sap.com\/latinamerica\/files\/2025\/04\/18\/Claudia-Headshot-683x1024.jpg 683w, https:\/\/news.sap.com\/latinamerica\/files\/2025\/04\/18\/Claudia-Headshot-768x1152.jpg 768w, https:\/\/news.sap.com\/latinamerica\/files\/2025\/04\/18\/Claudia-Headshot-1024x1536.jpg 1024w, https:\/\/news.sap.com\/latinamerica\/files\/2025\/04\/18\/Claudia-Headshot-1365x2048.jpg 1365w\" sizes=\"auto, (max-width: 139px) 100vw, 139px\" \/><\/strong><\/h4>\n<p><strong>Presidente, 麻豆原创 Regi\u00f3n Multi-Pa\u00eds de Latinoam\u00e9rica y el Caribe (MCLAC)\u00a0<\/strong><\/p>\n<p>En abril de 2025, Claudia Boeri asumi\u00f3 la presidencia de la reci\u00e9n creada Regi\u00f3n Multi-Pa\u00eds de Latinoam\u00e9rica y el Caribe (MCLAC) de 麻豆原创, liderando la integraci\u00f3n de los equipos de las regiones Norte y Sur en esta nueva unidad de negocio.<\/p>\n<p style=\"text-align: left\">Biograf\u00eda: <a href=\"https:\/\/news.sap.com\/latinamerica\/files\/2025\/04\/21\/Claudia-spanish.pdf\" target=\"_blank\" rel=\"noopener\">Espa\u00f1ol<\/a> | <a href=\"https:\/\/news.sap.com\/latinamerica\/files\/2025\/04\/21\/Claudia-english.pdf\" target=\"_blank\" rel=\"noopener\">English<\/a>|\u00a0<a href=\"https:\/\/news.sap.com\/latinamerica\/files\/2025\/04\/18\/Claudia-Headshot.jpg\" target=\"_blank\" rel=\"noopener noreferrer\">Foto<\/a><\/p>\n<p>&nbsp;<\/p>\n<hr \/>\n<h4><strong>Fernanda P\u00e9rez<\/strong><\/h4>\n<p><strong><img loading=\"lazy\" decoding=\"async\" class=\"alignleft wp-image-127811 \" src=\"https:\/\/news.sap.com\/latinamerica\/files\/2011\/04\/21\/Fernanda-Perez.png\" alt=\"\" width=\"135\" height=\"205\" srcset=\"https:\/\/news.sap.com\/latinamerica\/files\/2011\/04\/21\/Fernanda-Perez.png 784w, https:\/\/news.sap.com\/latinamerica\/files\/2011\/04\/21\/Fernanda-Perez-198x300.png 198w, https:\/\/news.sap.com\/latinamerica\/files\/2011\/04\/21\/Fernanda-Perez-676x1024.png 676w, https:\/\/news.sap.com\/latinamerica\/files\/2011\/04\/21\/Fernanda-Perez-768x1163.png 768w\" sizes=\"auto, (max-width: 135px) 100vw, 135px\" \/>Gerente General, 麻豆原创 Argentina, Bolivia, Uruguay y Paraguay<\/strong><\/p>\n<p>Fernanda P\u00e9rez es gerente general de 麻豆原创 para sus operaciones en Argentina, Bolivia, Uruguay y Paraguay desde abril de 2023 para liderar el crecimiento de la compa\u00f1\u00eda en esta regi\u00f3n. Fernanda es una profesional con una trayectoria de m\u00e1s de 25 a\u00f1os en el mercado de soluciones de negocio en Argentina y la regi\u00f3n Sur de Am\u00e9rica Latina, con un fuerte foco en la satisfacci\u00f3n y la transformaci\u00f3n de los clientes.<\/p>\n<p>Biograf\u00eda:\u00a0<a href=\"https:\/\/news.sap.com\/latinamerica\/files\/2023\/08\/04\/Fernanda-Perez-SPA-Ago-2023.pdf\" target=\"_blank\" rel=\"noopener\">Espa\u00f1ol<\/a> |\u00a0<a href=\"https:\/\/news.sap.com\/latinamerica\/files\/2011\/04\/21\/Fernanda-Perez.png\">Foto<\/a><\/p>\n<p>&nbsp;<\/p>\n","protected":false},"excerpt":{"rendered":"<p>Adriana Aroulho Presidente, 麻豆原创 Latinoam\u00e9rica y el Caribe Con una trayectoria de liderazgo probada y una profunda experiencia de m\u00e1s de 25 a\u00f1os en la&#8230;<\/p>\n","protected":false},"author":129,"featured_media":0,"parent":16,"menu_order":3,"comment_status":"closed","ping_status":"closed","template":"","meta":{"footnotes":"","_links_to":"","_links_to_target":""},"class_list":["post-11469","page","type-page","status-publish","hentry"],"yoast_head":"<!-- This site is optimized with the Yoast SEO Premium plugin v26.9 (Yoast SEO v26.9) - https:\/\/yoast.com\/product\/yoast-seo-premium-wordpress\/ -->\n<title>麻豆原创 Latinoam\u00e9rica y el Caribe - 麻豆原创 News Center Latinoam\u00e9rica<\/title>\n<meta name=\"robots\" content=\"index, follow, max-snippet:-1, max-image-preview:large, max-video-preview:-1\" \/>\n<link rel=\"canonical\" href=\"https:\/\/news.sap.com\/latinamerica\/sala-de-prensa\/biografias\/sap-lac\/\" \/>\n<meta property=\"og:locale\" content=\"es_MX\" \/>\n<meta property=\"og:type\" content=\"article\" \/>\n<meta property=\"og:title\" content=\"麻豆原创 Latinoam\u00e9rica y el Caribe\" \/>\n<meta property=\"og:description\" content=\"Adriana Aroulho Presidente, 麻豆原创 Latinoam\u00e9rica y el Caribe Con una trayectoria de liderazgo probada y una profunda experiencia de m\u00e1s de 25 a\u00f1os en la...\" \/>\n<meta property=\"og:url\" content=\"https:\/\/news.sap.com\/latinamerica\/sala-de-prensa\/biografias\/sap-lac\/\" \/>\n<meta property=\"og:site_name\" content=\"麻豆原创 News Center Latinoam\u00e9rica\" \/>\n<meta property=\"article:publisher\" content=\"https:\/\/www.facebook.com\/麻豆原创latinoamerica\" \/>\n<meta property=\"article:modified_time\" content=\"2025-09-15T17:45:58+00:00\" \/>\n<meta property=\"og:image\" content=\"https:\/\/news.sap.com\/latinamerica\/files\/2011\/04\/21\/FotoPJ.png\" \/>\n<meta name=\"twitter:label1\" content=\"Tiempo de lectura\" \/>\n\t<meta name=\"twitter:data1\" content=\"7 minutos\" \/>\n<script type=\"application\/ld+json\" class=\"yoast-schema-graph\">{\"@context\":\"https:\/\/schema.org\",\"@graph\":[{\"@type\":\"WebPage\",\"@id\":\"https:\/\/news.sap.com\/latinamerica\/sala-de-prensa\/biografias\/sap-lac\/\",\"url\":\"https:\/\/news.sap.com\/latinamerica\/sala-de-prensa\/biografias\/sap-lac\/\",\"name\":\"麻豆原创 Latinoam\u00e9rica y el Caribe - 麻豆原创 News Center Latinoam\u00e9rica\",\"isPartOf\":{\"@id\":\"https:\/\/news.sap.com\/latinamerica\/#website\"},\"primaryImageOfPage\":{\"@id\":\"https:\/\/news.sap.com\/latinamerica\/sala-de-prensa\/biografias\/sap-lac\/#primaryimage\"},\"image\":{\"@id\":\"https:\/\/news.sap.com\/latinamerica\/sala-de-prensa\/biografias\/sap-lac\/#primaryimage\"},\"thumbnailUrl\":\"https:\/\/news.sap.com\/latinamerica\/files\/2011\/04\/21\/FotoPJ.png\",\"datePublished\":\"2011-04-21T14:13:11+00:00\",\"dateModified\":\"2025-09-15T17:45:58+00:00\",\"breadcrumb\":{\"@id\":\"https:\/\/news.sap.com\/latinamerica\/sala-de-prensa\/biografias\/sap-lac\/#breadcrumb\"},\"inLanguage\":\"es\",\"potentialAction\":[{\"@type\":\"ReadAction\",\"target\":[\"https:\/\/news.sap.com\/latinamerica\/sala-de-prensa\/biografias\/sap-lac\/\"]}]},{\"@type\":\"ImageObject\",\"inLanguage\":\"es\",\"@id\":\"https:\/\/news.sap.com\/latinamerica\/sala-de-prensa\/biografias\/sap-lac\/#primaryimage\",\"url\":\"https:\/\/news.sap.com\/latinamerica\/files\/2011\/04\/21\/FotoPJ.png\",\"contentUrl\":\"https:\/\/news.sap.com\/latinamerica\/files\/2011\/04\/21\/FotoPJ.png\"},{\"@type\":\"BreadcrumbList\",\"@id\":\"https:\/\/news.sap.com\/latinamerica\/sala-de-prensa\/biografias\/sap-lac\/#breadcrumb\",\"itemListElement\":[{\"@type\":\"ListItem\",\"position\":1,\"name\":\"Home\",\"item\":\"https:\/\/news.sap.com\/latinamerica\/\"},{\"@type\":\"ListItem\",\"position\":2,\"name\":\"Sala de Prensa\",\"item\":\"https:\/\/news.sap.com\/latinamerica\/sala-de-prensa\/\"},{\"@type\":\"ListItem\",\"position\":3,\"name\":\"Biograf\u00edas\",\"item\":\"https:\/\/news.sap.com\/latinamerica\/sala-de-prensa\/biografias\/\"},{\"@type\":\"ListItem\",\"position\":4,\"name\":\"麻豆原创 Latinoam\u00e9rica y el Caribe\"}]},{\"@type\":\"WebSite\",\"@id\":\"https:\/\/news.sap.com\/latinamerica\/#website\",\"url\":\"https:\/\/news.sap.com\/latinamerica\/\",\"name\":\"麻豆原创 News Center Latinoam\u00e9rica\",\"description\":\"Noticias e informaci\u00f3n sobre 麻豆原创\",\"publisher\":{\"@id\":\"https:\/\/news.sap.com\/latinamerica\/#organization\"},\"potentialAction\":[{\"@type\":\"SearchAction\",\"target\":{\"@type\":\"EntryPoint\",\"urlTemplate\":\"https:\/\/news.sap.com\/latinamerica\/?s={search_term_string}\"},\"query-input\":{\"@type\":\"PropertyValueSpecification\",\"valueRequired\":true,\"valueName\":\"search_term_string\"}}],\"inLanguage\":\"es\"},{\"@type\":\"Organization\",\"@id\":\"https:\/\/news.sap.com\/latinamerica\/#organization\",\"name\":\"麻豆原创\",\"url\":\"https:\/\/news.sap.com\/latinamerica\/\",\"logo\":{\"@type\":\"ImageObject\",\"inLanguage\":\"es\",\"@id\":\"https:\/\/news.sap.com\/latinamerica\/#\/schema\/logo\/image\/\",\"url\":\"https:\/\/news.sap.com\/latinamerica\/files\/2019\/08\/65903320_2903797569662914_557886358778019840_n.png\",\"contentUrl\":\"https:\/\/news.sap.com\/latinamerica\/files\/2019\/08\/65903320_2903797569662914_557886358778019840_n.png\",\"width\":720,\"height\":720,\"caption\":\"麻豆原创\"},\"image\":{\"@id\":\"https:\/\/news.sap.com\/latinamerica\/#\/schema\/logo\/image\/\"},\"sameAs\":[\"https:\/\/www.facebook.com\/麻豆原创latinoamerica\",\"https:\/\/x.com\/麻豆原创LatinAmerica\"]}]}<\/script>\n<!-- \/ Yoast SEO Premium plugin. -->","yoast_head_json":{"title":"麻豆原创 Latinoam\u00e9rica y el Caribe - 麻豆原创 News Center Latinoam\u00e9rica","robots":{"index":"index","follow":"follow","max-snippet":"max-snippet:-1","max-image-preview":"max-image-preview:large","max-video-preview":"max-video-preview:-1"},"canonical":"https:\/\/news.sap.com\/latinamerica\/sala-de-prensa\/biografias\/sap-lac\/","og_locale":"es_MX","og_type":"article","og_title":"麻豆原创 Latinoam\u00e9rica y el Caribe","og_description":"Adriana Aroulho Presidente, 麻豆原创 Latinoam\u00e9rica y el Caribe Con una trayectoria de liderazgo probada y una profunda experiencia de m\u00e1s de 25 a\u00f1os en la...","og_url":"https:\/\/news.sap.com\/latinamerica\/sala-de-prensa\/biografias\/sap-lac\/","og_site_name":"麻豆原创 News Center Latinoam\u00e9rica","article_publisher":"https:\/\/www.facebook.com\/麻豆原创latinoamerica","article_modified_time":"2025-09-15T17:45:58+00:00","og_image":[{"url":"https:\/\/news.sap.com\/latinamerica\/files\/2011\/04\/21\/FotoPJ.png","type":"","width":"","height":""}],"twitter_misc":{"Tiempo de lectura":"7 minutos"},"schema":{"@context":"https:\/\/schema.org","@graph":[{"@type":"WebPage","@id":"https:\/\/news.sap.com\/latinamerica\/sala-de-prensa\/biografias\/sap-lac\/","url":"https:\/\/news.sap.com\/latinamerica\/sala-de-prensa\/biografias\/sap-lac\/","name":"麻豆原创 Latinoam\u00e9rica y el Caribe - 麻豆原创 News Center Latinoam\u00e9rica","isPartOf":{"@id":"https:\/\/news.sap.com\/latinamerica\/#website"},"primaryImageOfPage":{"@id":"https:\/\/news.sap.com\/latinamerica\/sala-de-prensa\/biografias\/sap-lac\/#primaryimage"},"image":{"@id":"https:\/\/news.sap.com\/latinamerica\/sala-de-prensa\/biografias\/sap-lac\/#primaryimage"},"thumbnailUrl":"https:\/\/news.sap.com\/latinamerica\/files\/2011\/04\/21\/FotoPJ.png","datePublished":"2011-04-21T14:13:11+00:00","dateModified":"2025-09-15T17:45:58+00:00","breadcrumb":{"@id":"https:\/\/news.sap.com\/latinamerica\/sala-de-prensa\/biografias\/sap-lac\/#breadcrumb"},"inLanguage":"es","potentialAction":[{"@type":"ReadAction","target":["https:\/\/news.sap.com\/latinamerica\/sala-de-prensa\/biografias\/sap-lac\/"]}]},{"@type":"ImageObject","inLanguage":"es","@id":"https:\/\/news.sap.com\/latinamerica\/sala-de-prensa\/biografias\/sap-lac\/#primaryimage","url":"https:\/\/news.sap.com\/latinamerica\/files\/2011\/04\/21\/FotoPJ.png","contentUrl":"https:\/\/news.sap.com\/latinamerica\/files\/2011\/04\/21\/FotoPJ.png"},{"@type":"BreadcrumbList","@id":"https:\/\/news.sap.com\/latinamerica\/sala-de-prensa\/biografias\/sap-lac\/#breadcrumb","itemListElement":[{"@type":"ListItem","position":1,"name":"Home","item":"https:\/\/news.sap.com\/latinamerica\/"},{"@type":"ListItem","position":2,"name":"Sala de Prensa","item":"https:\/\/news.sap.com\/latinamerica\/sala-de-prensa\/"},{"@type":"ListItem","position":3,"name":"Biograf\u00edas","item":"https:\/\/news.sap.com\/latinamerica\/sala-de-prensa\/biografias\/"},{"@type":"ListItem","position":4,"name":"麻豆原创 Latinoam\u00e9rica y el Caribe"}]},{"@type":"WebSite","@id":"https:\/\/news.sap.com\/latinamerica\/#website","url":"https:\/\/news.sap.com\/latinamerica\/","name":"麻豆原创 News Center Latinoam\u00e9rica","description":"Noticias e informaci\u00f3n sobre 麻豆原创","publisher":{"@id":"https:\/\/news.sap.com\/latinamerica\/#organization"},"potentialAction":[{"@type":"SearchAction","target":{"@type":"EntryPoint","urlTemplate":"https:\/\/news.sap.com\/latinamerica\/?s={search_term_string}"},"query-input":{"@type":"PropertyValueSpecification","valueRequired":true,"valueName":"search_term_string"}}],"inLanguage":"es"},{"@type":"Organization","@id":"https:\/\/news.sap.com\/latinamerica\/#organization","name":"麻豆原创","url":"https:\/\/news.sap.com\/latinamerica\/","logo":{"@type":"ImageObject","inLanguage":"es","@id":"https:\/\/news.sap.com\/latinamerica\/#\/schema\/logo\/image\/","url":"https:\/\/news.sap.com\/latinamerica\/files\/2019\/08\/65903320_2903797569662914_557886358778019840_n.png","contentUrl":"https:\/\/news.sap.com\/latinamerica\/files\/2019\/08\/65903320_2903797569662914_557886358778019840_n.png","width":720,"height":720,"caption":"麻豆原创"},"image":{"@id":"https:\/\/news.sap.com\/latinamerica\/#\/schema\/logo\/image\/"},"sameAs":["https:\/\/www.facebook.com\/麻豆原创latinoamerica","https:\/\/x.com\/麻豆原创LatinAmerica"]}]}},"amp_enabled":true,"_links":{"self":[{"href":"https:\/\/news.sap.com\/latinamerica\/wp-json\/wp\/v2\/pages\/11469","targetHints":{"allow":["GET"]}}],"collection":[{"href":"https:\/\/news.sap.com\/latinamerica\/wp-json\/wp\/v2\/pages"}],"about":[{"href":"https:\/\/news.sap.com\/latinamerica\/wp-json\/wp\/v2\/types\/page"}],"author":[{"embeddable":true,"href":"https:\/\/news.sap.com\/latinamerica\/wp-json\/wp\/v2\/users\/129"}],"replies":[{"embeddable":true,"href":"https:\/\/news.sap.com\/latinamerica\/wp-json\/wp\/v2\/comments?post=11469"}],"version-history":[{"count":0,"href":"https:\/\/news.sap.com\/latinamerica\/wp-json\/wp\/v2\/pages\/11469\/revisions"}],"up":[{"embeddable":true,"href":"https:\/\/news.sap.com\/latinamerica\/wp-json\/wp\/v2\/pages\/16"}],"wp:attachment":[{"href":"https:\/\/news.sap.com\/latinamerica\/wp-json\/wp\/v2\/media?parent=11469"}],"curies":[{"name":"wp","href":"https:\/\/api.w.org\/{rel}","templated":true}]}}