  {"version":"1.0","provider_name":"Βι¶ΉΤ­΄΄ News Center Latinoam\u00e9rica","provider_url":"https:\/\/news.sap.com\/latinamerica","author_name":"Juan Pablo Toledo","author_url":"https:\/\/news.sap.com\/latinamerica\/author\/juanpablotoledo\/","title":"Los ni\u00f1os y la virtualidad","type":"rich","width":600,"height":338,"html":"<blockquote class=\"wp-embedded-content\" data-secret=\"bnkVrKRlaF\"><a href=\"https:\/\/news.sap.com\/latinamerica\/2021\/09\/los-ninos-y-la-virtualidad\/\">Los ni\u00f1os y la virtualidad<\/a><\/blockquote><iframe sandbox=\"allow-scripts\" security=\"restricted\" src=\"https:\/\/news.sap.com\/latinamerica\/2021\/09\/los-ninos-y-la-virtualidad\/embed\/#?secret=bnkVrKRlaF\" width=\"600\" height=\"338\" title=\"&#8220;Los ni\u00f1os y la virtualidad&#8221; &#8212; Βι¶ΉΤ­΄΄ News Center Latinoam\u00e9rica\" data-secret=\"bnkVrKRlaF\" frameborder=\"0\" marginwidth=\"0\" marginheight=\"0\" scrolling=\"no\" class=\"wp-embedded-content\"><\/iframe><script type=\"text\/javascript\">\n\/* <![CDATA[ *\/\n\/*! This file is auto-generated *\/\n!function(d,l){\"use strict\";l.querySelector&&d.addEventListener&&\"undefined\"!=typeof URL&&(d.wp=d.wp||{},d.wp.receiveEmbedMessage||(d.wp.receiveEmbedMessage=function(e){var t=e.data;if((t||t.secret||t.message||t.value)&&!\/[^a-zA-Z0-9]\/.test(t.secret)){for(var s,r,n,a=l.querySelectorAll('iframe[data-secret=\"'+t.secret+'\"]'),o=l.querySelectorAll('blockquote[data-secret=\"'+t.secret+'\"]'),c=new RegExp(\"^https?:$\",\"i\"),i=0;i<o.length;i++)o[i].style.display=\"none\";for(i=0;i<a.length;i++)s=a[i],e.source===s.contentWindow&&(s.removeAttribute(\"style\"),\"height\"===t.message?(1e3<(r=parseInt(t.value,10))?r=1e3:~~r<200&&(r=200),s.height=r):\"link\"===t.message&&(r=new URL(s.getAttribute(\"src\")),n=new URL(t.value),c.test(n.protocol))&&n.host===r.host&&l.activeElement===s&&(d.top.location.href=t.value))}},d.addEventListener(\"message\",d.wp.receiveEmbedMessage,!1),l.addEventListener(\"DOMContentLoaded\",function(){for(var e,t,s=l.querySelectorAll(\"iframe.wp-embedded-content\"),r=0;r<s.length;r++)(t=(e=s[r]).getAttribute(\"data-secret\"))||(t=Math.random().toString(36).substring(2,12),e.src+=\"#?secret=\"+t,e.setAttribute(\"data-secret\",t)),e.contentWindow.postMessage({message:\"ready\",secret:t},\"*\")},!1)))}(window,document);\n\/\/# sourceURL=https:\/\/news.sap.com\/latinamerica\/wp-includes\/js\/wp-embed.min.js\n\/* ]]> *\/\n<\/script>\n","thumbnail_url":"https:\/\/news.sap.com\/latinamerica\/files\/2021\/09\/23\/276371_276371_h_ergb_s_gl-1024x683.jpg","thumbnail_width":1024,"thumbnail_height":683,"description":"Una de las poblaciones m\u00e1s golpeada y afectada por la pandemia del COVID-19 a nivel mundial ha sido la de los ni\u00f1os. Aquellos guerreros que sin cuestionar mucho la situaci\u00f3n por la que atravesamos, no tuvieron otra opci\u00f3n sino aceptar que sus vidas hab\u00edan cambiado dr\u00e1sticamente."}